{"version":"1.0","provider_name":"K\u00f6nigliche Forstverein Belgiens","provider_url":"https:\/\/www.kbbm.be\/de","author_name":"C\u00e9dric Staes","author_url":"https:\/\/www.kbbm.be\/de\/author\/cedric-staessrfb-kbbm-be\/","title":"Le ch\u00eane - Soci\u00e9t\u00e9 Royale Foresti\u00e8re de Belgique","type":"rich","width":600,"height":338,"html":"<blockquote class=\"wp-embedded-content\" data-secret=\"A6T536gTtr\"><a href=\"https:\/\/www.kbbm.be\/de\/forest-shop\/le-chene\/\">Die Eiche<\/a><\/blockquote><iframe sandbox=\"allow-scripts\" security=\"restricted\" src=\"https:\/\/www.kbbm.be\/de\/forest-shop\/le-chene\/embed\/#?secret=A6T536gTtr\" width=\"600\" height=\"338\" title=\"\u201eDie Eiche\u201c - K\u00f6nigliche Forstgesellschaft von Belgien\" data-secret=\"A6T536gTtr\" frameborder=\"0\" marginwidth=\"0\" marginheight=\"0\" scrolling=\"no\" class=\"wp-embedded-content\"><\/iframe><script type=\"text\/javascript\">\n\/* <![CDATA[ *\/\n\/*! This file is auto-generated *\/\n!function(d,l){\"use strict\";l.querySelector&&d.addEventListener&&\"undefined\"!=typeof URL&&(d.wp=d.wp||{},d.wp.receiveEmbedMessage||(d.wp.receiveEmbedMessage=function(e){var t=e.data;if((t||t.secret||t.message||t.value)&&!\/[^a-zA-Z0-9]\/.test(t.secret)){for(var s,r,n,a=l.querySelectorAll('iframe[data-secret=\"'+t.secret+'\"]'),o=l.querySelectorAll('blockquote[data-secret=\"'+t.secret+'\"]'),c=new RegExp(\"^https?:$\",\"i\"),i=0;i<o.length;i++)o[i].style.display=\"none\";for(i=0;i<a.length;i++)s=a[i],e.source===s.contentWindow&&(s.removeAttribute(\"style\"),\"height\"===t.message?(1e3<(r=parseInt(t.value,10))?r=1e3:~~r<200&&(r=200),s.height=r):\"link\"===t.message&&(r=new URL(s.getAttribute(\"src\")),n=new URL(t.value),c.test(n.protocol))&&n.host===r.host&&l.activeElement===s&&(d.top.location.href=t.value))}},d.addEventListener(\"message\",d.wp.receiveEmbedMessage,!1),l.addEventListener(\"DOMContentLoaded\",function(){for(var e,t,s=l.querySelectorAll(\"iframe.wp-embedded-content\"),r=0;r<s.length;r++)(t=(e=s[r]).getAttribute(\"data-secret\"))||(t=Math.random().toString(36).substring(2,12),e.src+=\"#?secret=\"+t,e.setAttribute(\"data-secret\",t)),e.contentWindow.postMessage({message:\"ready\",secret:t},\"*\")},!1)))}(window,document);\n\/\/# sourceURL=https:\/\/www.kbbm.be\/wp-includes\/js\/wp-embed.min.js\n\/* ]]> *\/\n<\/script>","thumbnail_url":"https:\/\/srfb.be\/wp-content\/uploads\/2020\/03\/Le-ch\u00eane.jpg","thumbnail_width":1079,"thumbnail_height":1700,"description":"Cet ouvrage largement document\u00e9 est propos\u00e9 aux sylviculteurs, p\u00e9pini\u00e9ristes, exploitants forestiers et \u00e0 tous ceux que le ch\u00eane int\u00e9resse. L\u2019\u00e9cologie, la sylviculture et les usages des ch\u00eanes sont d\u00e9velopp\u00e9s avec beaucoup de pr\u00e9cisions. 23 x 15 cm, 604 pages"}