{"id":39916,"date":"2026-04-09T09:52:27","date_gmt":"2026-04-09T07:52:27","guid":{"rendered":"https:\/\/srfb.be\/?post_type=event_listing&#038;p=39916"},"modified":"2026-04-09T10:19:20","modified_gmt":"2026-04-09T08:19:20","slug":"forest-digital-learning-evenement-de-cloture","status":"publish","type":"event_listing","link":"https:\/\/www.kbbm.be\/de\/old-formations\/forest-digital-learning-evenement-de-cloture\/","title":{"rendered":"Forest Digital Learning \u2013 Abschlussveranstaltung"},"content":{"rendered":"<h3 class=\"wp-block-heading\">Ziel<\/h3>\n\n\n\n<p class=\"translation-block\">Nach mehreren Jahren enger Zusammenarbeit zwischen belgischen, franz\u00f6sischen und tschechischen Partnern n\u00e4hert sich das Projekt ForDiL (Forest Digital Learning) seinem Ende. Um diesen Meilenstein zu markieren, freuen wir uns, Sie zur Abschlussveranstaltung des Projekts am **Freitag, den 29. Mai 2026,** einzuladen.<\/p>\n\n\n\n<p class=\"translation-block\">Finanziert durch das europ\u00e4ische Erasmus+-Programm zielt das Projekt ForDiL darauf ab, den Ansatz der **gemischten Dauerwaldwirtschaft (GDP)** durch innovative und optimierte Schulungswerkzeuge f\u00fcr Forstprofis und Studenten zu f\u00f6rdern.<\/p>\n\n\n\n<p>Im Mittelpunkt des Projekts steht eine kostenlose digitale Lern-App, die entwickelt wurde, um Nutzern die M\u00f6glichkeit zu geben, ihre F\u00e4higkeiten autonom, in ihrem eigenen Tempo und ohne zwingende Abh\u00e4ngigkeit von der Verf\u00fcgbarkeit eines Trainers zu entwickeln. Diese App nutzt praktische p\u00e4dagogische Werkzeuge, die direkt im Wald eingesetzt werden: die Marteloskope und Travailloskope.<\/p>\n\n\n\n<p>Durch die Kombination von digitalem Lernen und praktischer Erfahrung erh\u00e4lt ForDiL die Verbindung zur forstlichen Realit\u00e4t aufrecht und er\u00f6ffnet gleichzeitig neue flexible Weiterbildungsm\u00f6glichkeiten f\u00fcr heutige und zuk\u00fcnftige Forstleute.<\/p>\n\n\n\n<p class=\"has-text-align-center\" style=\"margin-bottom:0\"><strong>Die Anwendung kann kostenlos \u00fcber die Projektseite heruntergeladen werden<\/strong><\/p>\n\n\n\n<div class=\"wp-block-buttons is-content-justification-center is-layout-flex wp-container-core-buttons-is-layout-9587046d wp-block-buttons-is-layout-flex\" style=\"margin-top:0\">\n<div class=\"wp-block-button is-style-outline is-style-outline--1\"><a class=\"wp-block-button__link wp-element-button\" href=\"http:\/\/www.fordil.net\/fr\/\" target=\"_blank\" rel=\"noreferrer noopener\">www.fordil.net<\/a><\/div>\n<\/div>\n\n\n\n<h3 class=\"wp-block-heading\"><strong>Sprecher<\/strong><\/h3>\n\n\n\n<ul class=\"wp-block-list\">\n<li><strong>Marnik Vanclooster<\/strong>, Pr\u00e4sident des ELI-Instituts (Earth &amp; Life Institute) und Professor an der Fakult\u00e4t f\u00fcr Bioingenieurwesen der Katholischen Universit\u00e4t L\u00f6wen, Belgien<\/li>\n\n\n\n<li><strong>Quentin Ponette<\/strong>, Professor an der Fakult\u00e4t f\u00fcr Bioingenieurwesen der Katholischen Universit\u00e4t L\u00f6wen und Forscher am ELI-Institut, Belgien<\/li>\n\n\n\n<li><strong>Tomas Vr\u0161ka<\/strong>, Pr\u00e4sident von Pro Silva Europe und Direktor der \u00abForest Entreprise University\u00bb, Fakult\u00e4t f\u00fcr Forst- und Holzwissenschaften der Mendel-Universit\u00e4t Br\u00fcnn, Tschechische Republik<\/li>\n\n\n\n<li><strong>Diane Doucet<\/strong>, Projektleiter ForDiL, SRFB, Belgien<\/li>\n\n\n\n<li><strong>Igor Blervaque<\/strong>, Projektverantwortlicher ForDiL, SRFB, Belgien<\/li>\n\n\n\n<li><strong>Gr\u00e9gory Timal<\/strong>, Projektmanager ForDiL und Direktor des Zentrums f\u00fcr Agroforstwirtschaftliche Entwicklung von Chimay, Belgien<\/li>\n\n\n\n<li><strong>Pavl\u00edna Pancov\u00e1 \u0160imkov\u00e1<\/strong>, Projektmanagerin ForDiL, Dozentin und Forscherin, Fachbereich Forstschutz und Wildtiermanagement, Fakult\u00e4t f\u00fcr Forst- und Holzwissenschaften, Mendel-Universit\u00e4t Br\u00fcnn, Tschechische Republik<\/li>\n<\/ul>\n\n\n\n<h3 class=\"wp-block-heading\"><strong>Programm<\/strong><\/h3>\n\n\n\n<figure class=\"wp-block-table\"><table><tbody><tr><td><strong>9:00 Uhr<\/strong><\/td><td>Begr\u00fc\u00dfung der Teilnehmer<\/td><\/tr><tr><td><strong>9:30 Uhr<\/strong><\/td><td>Vorstellung des Tages \u2013 <strong>Marnik Vanclooster und Quentin Ponette<\/strong><\/td><\/tr><tr><td><strong>9.45 Uhr<\/strong><\/td><td>Dauerwaldwirtschaft: Prinzipien, Herausforderungen und Perspektiven <strong>Tomas Vr\u0161ka<\/strong><\/td><\/tr><tr><td><strong>10:15 Uhr<\/strong><\/td><td>Fragen\/Antworten<\/td><\/tr><tr><td><strong>10h30<\/strong><\/td><td>Pause im Caf\u00e9<\/td><\/tr><tr><td><strong>11h00<\/strong><\/td><td>Das ForDiL-Projekt: Kontext und Ziele \u2013 <strong>Diane<\/strong> <strong>Doucet<\/strong><\/td><\/tr><tr><td><strong>11:15 Uhr<\/strong><\/td><td>Die ForDiL-Anwendung: Konzeption und Entwicklung \u2013 <strong>Igor<\/strong> <strong>Blervaque<\/strong><\/td><\/tr><tr><td><strong>11:35 Uhr<\/strong><\/td><td>App zum Herunterladen, Hammerschlagsz\u00e4hler und Arbeitszeitmesser: die Allianz von Digitalem und Feld \u2013 <strong>Gr\u00e9gory Timal<\/strong><\/td><\/tr><tr><td><strong>11:55 Uhr<\/strong><\/td><td>Die SMCC und die F\u00f6rster von morgen: Einbeziehung von Sch\u00fclern und Studenten in das ForDiL-Projekt und Perspektiven f\u00fcr die Lehre \u2013 <strong>Pavl\u00edna Pancov\u00e1 \u0160imkov\u00e1<\/strong><\/td><\/tr><tr><td><strong>12:15<\/strong><\/td><td>Fragen\/Antworten<\/td><\/tr><tr><td><strong>12:30<\/strong><\/td><td>Mittagsangebot<\/td><\/tr><tr><td><strong>13h30<\/strong><\/td><td>Besuch des Hammer- und Arbeitsoscopes des Bois de Lauzelle<\/td><\/tr><tr><td><strong>16h30<\/strong><\/td><td>Tagesabschluss<\/td><\/tr><\/tbody><\/table><\/figure>","protected":false},"featured_media":35781,"template":"","meta":{"iawp_total_views":75},"event_listing_category":[802],"event_listing_type":[739],"class_list":["post-39916","event_listing","type-event_listing","status-publish","has-post-thumbnail","hentry","event_listing_category-fordil","event_listing_type-conference"],"yoast_head":"<!-- This site is optimized with the Yoast SEO plugin v27.5 - https:\/\/yoast.com\/product\/yoast-seo-wordpress\/ -->\n<title>Forest Digital Learning \u2013 \u00c9v\u00e8nement de cl\u00f4ture - Soci\u00e9t\u00e9 Royale Foresti\u00e8re de Belgique<\/title>\n<meta name=\"robots\" content=\"index, follow, max-snippet:-1, max-image-preview:large, max-video-preview:-1\" \/>\n<link rel=\"canonical\" href=\"https:\/\/srfb.be\/nl\/formations\/forest-digital-learning-evenement-de-cloture\/\" \/>\n<meta property=\"og:locale\" content=\"de_DE\" \/>\n<meta property=\"og:type\" content=\"article\" \/>\n<meta property=\"og:title\" content=\"Forest Digital Learning \u2013 \u00c9v\u00e8nement de cl\u00f4ture - Soci\u00e9t\u00e9 Royale Foresti\u00e8re de Belgique\" \/>\n<meta property=\"og:description\" content=\"Objectif Apr\u00e8s plusieurs ann\u00e9es de collaboration \u00e9troite entre partenaires belges, fran\u00e7ais et tch\u00e8ques, le projet ForDiL (Forest Digital Learning) arrive \u00e0 son terme. Pour marquer cette \u00e9tape, nous avons le plaisir de vous inviter \u00e0 l\u2019\u00e9v\u00e9nement de cl\u00f4ture du projet le vendredi 29 mai 2026. Financ\u00e9 par le programme europ\u00e9en Erasmus+, le projet ForDiL vise... Read More\" \/>\n<meta property=\"og:url\" content=\"https:\/\/srfb.be\/nl\/formations\/forest-digital-learning-evenement-de-cloture\/\" \/>\n<meta property=\"og:site_name\" content=\"Soci\u00e9t\u00e9 Royale Foresti\u00e8re de Belgique\" \/>\n<meta property=\"article:publisher\" content=\"https:\/\/www.facebook.com\/srfb.be\" \/>\n<meta property=\"article:modified_time\" content=\"2026-04-09T08:19:20+00:00\" \/>\n<meta property=\"og:image\" content=\"https:\/\/srfb.be\/wp-content\/uploads\/2024\/03\/ForDiL.png\" \/>\n\t<meta property=\"og:image:width\" content=\"1280\" \/>\n\t<meta property=\"og:image:height\" content=\"768\" \/>\n\t<meta property=\"og:image:type\" content=\"image\/png\" \/>\n<script type=\"application\/ld+json\" class=\"yoast-schema-graph\">{\"@context\":\"https:\\\/\\\/schema.org\",\"@graph\":[{\"@type\":\"WebPage\",\"@id\":\"https:\\\/\\\/srfb.be\\\/nl\\\/formations\\\/forest-digital-learning-evenement-de-cloture\\\/\",\"url\":\"https:\\\/\\\/srfb.be\\\/nl\\\/formations\\\/forest-digital-learning-evenement-de-cloture\\\/\",\"name\":\"Forest Digital Learning \u2013 \u00c9v\u00e8nement de cl\u00f4ture - Soci\u00e9t\u00e9 Royale Foresti\u00e8re de Belgique\",\"isPartOf\":{\"@id\":\"https:\\\/\\\/srfb.be\\\/#website\"},\"primaryImageOfPage\":{\"@id\":\"https:\\\/\\\/srfb.be\\\/nl\\\/formations\\\/forest-digital-learning-evenement-de-cloture\\\/#primaryimage\"},\"image\":{\"@id\":\"https:\\\/\\\/srfb.be\\\/nl\\\/formations\\\/forest-digital-learning-evenement-de-cloture\\\/#primaryimage\"},\"thumbnailUrl\":\"https:\\\/\\\/www.kbbm.be\\\/wp-content\\\/uploads\\\/2024\\\/03\\\/ForDiL.png\",\"datePublished\":\"2026-04-09T07:52:27+00:00\",\"dateModified\":\"2026-04-09T08:19:20+00:00\",\"breadcrumb\":{\"@id\":\"https:\\\/\\\/srfb.be\\\/nl\\\/formations\\\/forest-digital-learning-evenement-de-cloture\\\/#breadcrumb\"},\"inLanguage\":\"de\",\"potentialAction\":[{\"@type\":\"ReadAction\",\"target\":[\"https:\\\/\\\/srfb.be\\\/nl\\\/formations\\\/forest-digital-learning-evenement-de-cloture\\\/\"]}]},{\"@type\":\"ImageObject\",\"inLanguage\":\"de\",\"@id\":\"https:\\\/\\\/srfb.be\\\/nl\\\/formations\\\/forest-digital-learning-evenement-de-cloture\\\/#primaryimage\",\"url\":\"https:\\\/\\\/www.kbbm.be\\\/wp-content\\\/uploads\\\/2024\\\/03\\\/ForDiL.png\",\"contentUrl\":\"https:\\\/\\\/www.kbbm.be\\\/wp-content\\\/uploads\\\/2024\\\/03\\\/ForDiL.png\",\"width\":1280,\"height\":768},{\"@type\":\"BreadcrumbList\",\"@id\":\"https:\\\/\\\/srfb.be\\\/nl\\\/formations\\\/forest-digital-learning-evenement-de-cloture\\\/#breadcrumb\",\"itemListElement\":[{\"@type\":\"ListItem\",\"position\":1,\"name\":\"Accueil\",\"item\":\"https:\\\/\\\/srfb.be\\\/\"},{\"@type\":\"ListItem\",\"position\":2,\"name\":\"Forest Digital Learning \u2013 \u00c9v\u00e8nement de cl\u00f4ture\"}]},{\"@type\":\"WebSite\",\"@id\":\"https:\\\/\\\/srfb.be\\\/#website\",\"url\":\"https:\\\/\\\/srfb.be\\\/\",\"name\":\"Soci\u00e9t\u00e9 Royale Foresti\u00e8re de Belgique\",\"description\":\"Au service de la for\u00eat et des forestiers\",\"publisher\":{\"@id\":\"https:\\\/\\\/srfb.be\\\/#organization\"},\"alternateName\":\"SRFB-KBBM\",\"potentialAction\":[{\"@type\":\"SearchAction\",\"target\":{\"@type\":\"EntryPoint\",\"urlTemplate\":\"https:\\\/\\\/srfb.be\\\/?s={search_term_string}\"},\"query-input\":{\"@type\":\"PropertyValueSpecification\",\"valueRequired\":true,\"valueName\":\"search_term_string\"}}],\"inLanguage\":\"de\"},{\"@type\":\"Organization\",\"@id\":\"https:\\\/\\\/srfb.be\\\/#organization\",\"name\":\"Soci\u00e9t\u00e9 Royale Foresti\u00e8re De Belgique - Koninklijke Belgische Bosbouwmaatschappij\",\"alternateName\":\"SRFB-KBBM\",\"url\":\"https:\\\/\\\/srfb.be\\\/\",\"logo\":{\"@type\":\"ImageObject\",\"inLanguage\":\"de\",\"@id\":\"https:\\\/\\\/srfb.be\\\/#\\\/schema\\\/logo\\\/image\\\/\",\"url\":\"https:\\\/\\\/srfb.be\\\/wp-content\\\/uploads\\\/2019\\\/06\\\/android-chrome-256x256.png\",\"contentUrl\":\"https:\\\/\\\/srfb.be\\\/wp-content\\\/uploads\\\/2019\\\/06\\\/android-chrome-256x256.png\",\"width\":1200,\"height\":1232,\"caption\":\"Soci\u00e9t\u00e9 Royale Foresti\u00e8re De Belgique - Koninklijke Belgische Bosbouwmaatschappij\"},\"image\":{\"@id\":\"https:\\\/\\\/srfb.be\\\/#\\\/schema\\\/logo\\\/image\\\/\"},\"sameAs\":[\"https:\\\/\\\/www.facebook.com\\\/srfb.be\",\"https:\\\/\\\/www.instagram.com\\\/srfb_kbbm\\\/\",\"https:\\\/\\\/www.linkedin.com\\\/company\\\/srfb-kbbm\\\/\",\"https:\\\/\\\/www.youtube.com\\\/user\\\/srfbkbbm\"]}]}<\/script>\n<!-- \/ Yoast SEO plugin. -->","yoast_head_json":{"title":"Forest Digital Learning \u2013 \u00c9v\u00e8nement de cl\u00f4ture - Soci\u00e9t\u00e9 Royale Foresti\u00e8re de Belgique","robots":{"index":"index","follow":"follow","max-snippet":"max-snippet:-1","max-image-preview":"max-image-preview:large","max-video-preview":"max-video-preview:-1"},"canonical":"https:\/\/srfb.be\/nl\/formations\/forest-digital-learning-evenement-de-cloture\/","og_locale":"de_DE","og_type":"article","og_title":"Forest Digital Learning \u2013 \u00c9v\u00e8nement de cl\u00f4ture - Soci\u00e9t\u00e9 Royale Foresti\u00e8re de Belgique","og_description":"Objectif Apr\u00e8s plusieurs ann\u00e9es de collaboration \u00e9troite entre partenaires belges, fran\u00e7ais et tch\u00e8ques, le projet ForDiL (Forest Digital Learning) arrive \u00e0 son terme. Pour marquer cette \u00e9tape, nous avons le plaisir de vous inviter \u00e0 l\u2019\u00e9v\u00e9nement de cl\u00f4ture du projet le vendredi 29 mai 2026. Financ\u00e9 par le programme europ\u00e9en Erasmus+, le projet ForDiL vise... Read More","og_url":"https:\/\/srfb.be\/nl\/formations\/forest-digital-learning-evenement-de-cloture\/","og_site_name":"Soci\u00e9t\u00e9 Royale Foresti\u00e8re de Belgique","article_publisher":"https:\/\/www.facebook.com\/srfb.be","article_modified_time":"2026-04-09T08:19:20+00:00","og_image":[{"width":1280,"height":768,"url":"https:\/\/srfb.be\/wp-content\/uploads\/2024\/03\/ForDiL.png","type":"image\/png"}],"schema":{"@context":"https:\/\/schema.org","@graph":[{"@type":"WebPage","@id":"https:\/\/srfb.be\/nl\/formations\/forest-digital-learning-evenement-de-cloture\/","url":"https:\/\/srfb.be\/nl\/formations\/forest-digital-learning-evenement-de-cloture\/","name":"Forest Digital Learning \u2013 \u00c9v\u00e8nement de cl\u00f4ture - Soci\u00e9t\u00e9 Royale Foresti\u00e8re de Belgique","isPartOf":{"@id":"https:\/\/srfb.be\/#website"},"primaryImageOfPage":{"@id":"https:\/\/srfb.be\/nl\/formations\/forest-digital-learning-evenement-de-cloture\/#primaryimage"},"image":{"@id":"https:\/\/srfb.be\/nl\/formations\/forest-digital-learning-evenement-de-cloture\/#primaryimage"},"thumbnailUrl":"https:\/\/www.kbbm.be\/wp-content\/uploads\/2024\/03\/ForDiL.png","datePublished":"2026-04-09T07:52:27+00:00","dateModified":"2026-04-09T08:19:20+00:00","breadcrumb":{"@id":"https:\/\/srfb.be\/nl\/formations\/forest-digital-learning-evenement-de-cloture\/#breadcrumb"},"inLanguage":"de","potentialAction":[{"@type":"ReadAction","target":["https:\/\/srfb.be\/nl\/formations\/forest-digital-learning-evenement-de-cloture\/"]}]},{"@type":"ImageObject","inLanguage":"de","@id":"https:\/\/srfb.be\/nl\/formations\/forest-digital-learning-evenement-de-cloture\/#primaryimage","url":"https:\/\/www.kbbm.be\/wp-content\/uploads\/2024\/03\/ForDiL.png","contentUrl":"https:\/\/www.kbbm.be\/wp-content\/uploads\/2024\/03\/ForDiL.png","width":1280,"height":768},{"@type":"BreadcrumbList","@id":"https:\/\/srfb.be\/nl\/formations\/forest-digital-learning-evenement-de-cloture\/#breadcrumb","itemListElement":[{"@type":"ListItem","position":1,"name":"Accueil","item":"https:\/\/srfb.be\/"},{"@type":"ListItem","position":2,"name":"Forest Digital Learning \u2013 \u00c9v\u00e8nement de cl\u00f4ture"}]},{"@type":"WebSite","@id":"https:\/\/srfb.be\/#website","url":"https:\/\/srfb.be\/","name":"K\u00f6nigliche Forstverein Belgiens","description":"Im Dienste des Waldes und der F\u00f6rster","publisher":{"@id":"https:\/\/srfb.be\/#organization"},"alternateName":"SRFB-KBBM","potentialAction":[{"@type":"SearchAction","target":{"@type":"EntryPoint","urlTemplate":"https:\/\/srfb.be\/?s={search_term_string}"},"query-input":{"@type":"PropertyValueSpecification","valueRequired":true,"valueName":"search_term_string"}}],"inLanguage":"de"},{"@type":"Organization","@id":"https:\/\/srfb.be\/#organization","name":"Soci\u00e9t\u00e9 Royale Foresti\u00e8re De Belgique - Koninklijke Belgische Bosbouwmaatschappij","alternateName":"SRFB-KBBM","url":"https:\/\/srfb.be\/","logo":{"@type":"ImageObject","inLanguage":"de","@id":"https:\/\/srfb.be\/#\/schema\/logo\/image\/","url":"https:\/\/srfb.be\/wp-content\/uploads\/2019\/06\/android-chrome-256x256.png","contentUrl":"https:\/\/srfb.be\/wp-content\/uploads\/2019\/06\/android-chrome-256x256.png","width":1200,"height":1232,"caption":"Soci\u00e9t\u00e9 Royale Foresti\u00e8re De Belgique - Koninklijke Belgische Bosbouwmaatschappij"},"image":{"@id":"https:\/\/srfb.be\/#\/schema\/logo\/image\/"},"sameAs":["https:\/\/www.facebook.com\/srfb.be","https:\/\/www.instagram.com\/srfb_kbbm\/","https:\/\/www.linkedin.com\/company\/srfb-kbbm\/","https:\/\/www.youtube.com\/user\/srfbkbbm"]}]}},"_links":{"self":[{"href":"https:\/\/www.kbbm.be\/de\/wp-json\/wp\/v2\/event_listing\/39916","targetHints":{"allow":["GET"]}}],"collection":[{"href":"https:\/\/www.kbbm.be\/de\/wp-json\/wp\/v2\/event_listing"}],"about":[{"href":"https:\/\/www.kbbm.be\/de\/wp-json\/wp\/v2\/types\/event_listing"}],"wp:featuredmedia":[{"embeddable":true,"href":"https:\/\/www.kbbm.be\/de\/wp-json\/wp\/v2\/media\/35781"}],"wp:attachment":[{"href":"https:\/\/www.kbbm.be\/de\/wp-json\/wp\/v2\/media?parent=39916"}],"wp:term":[{"taxonomy":"event_listing_category","embeddable":true,"href":"https:\/\/www.kbbm.be\/de\/wp-json\/wp\/v2\/event_listing_category?post=39916"},{"taxonomy":"event_listing_type","embeddable":true,"href":"https:\/\/www.kbbm.be\/de\/wp-json\/wp\/v2\/event_listing_type?post=39916"}],"curies":[{"name":"wp","href":"https:\/\/api.w.org\/{rel}","templated":true}]}}