{"version":"1.0","provider_name":"Royal Forestry Society of Belgium","provider_url":"https:\/\/www.kbbm.be\/en","author_name":"C\u00e9dric Staes","author_url":"https:\/\/www.kbbm.be\/en\/author\/cedric-staessrfb-kbbm-be\/","title":"Les v\u00e9g\u00e9taux - Soci\u00e9t\u00e9 Royale Foresti\u00e8re de Belgique","type":"rich","width":600,"height":338,"html":"<blockquote class=\"wp-embedded-content\" data-secret=\"vIMD8njAUv\"><a href=\"https:\/\/www.kbbm.be\/en\/forest-shop\/les-vegetaux-2\/\">Plants<\/a><\/blockquote><iframe sandbox=\"allow-scripts\" security=\"restricted\" src=\"https:\/\/www.kbbm.be\/en\/forest-shop\/les-vegetaux-2\/embed\/#?secret=vIMD8njAUv\" width=\"600\" height=\"338\" title=\"\u201cPlants - Royal Belgian Forest Society\" data-secret=\"vIMD8njAUv\" frameborder=\"0\" marginwidth=\"0\" marginheight=\"0\" scrolling=\"no\" class=\"wp-embedded-content\"><\/iframe><script type=\"text\/javascript\">\n\/* <![CDATA[ *\/\n\/*! This file is auto-generated *\/\n!function(d,l){\"use strict\";l.querySelector&&d.addEventListener&&\"undefined\"!=typeof URL&&(d.wp=d.wp||{},d.wp.receiveEmbedMessage||(d.wp.receiveEmbedMessage=function(e){var t=e.data;if((t||t.secret||t.message||t.value)&&!\/[^a-zA-Z0-9]\/.test(t.secret)){for(var s,r,n,a=l.querySelectorAll('iframe[data-secret=\"'+t.secret+'\"]'),o=l.querySelectorAll('blockquote[data-secret=\"'+t.secret+'\"]'),c=new RegExp(\"^https?:$\",\"i\"),i=0;i<o.length;i++)o[i].style.display=\"none\";for(i=0;i<a.length;i++)s=a[i],e.source===s.contentWindow&&(s.removeAttribute(\"style\"),\"height\"===t.message?(1e3<(r=parseInt(t.value,10))?r=1e3:~~r<200&&(r=200),s.height=r):\"link\"===t.message&&(r=new URL(s.getAttribute(\"src\")),n=new URL(t.value),c.test(n.protocol))&&n.host===r.host&&l.activeElement===s&&(d.top.location.href=t.value))}},d.addEventListener(\"message\",d.wp.receiveEmbedMessage,!1),l.addEventListener(\"DOMContentLoaded\",function(){for(var e,t,s=l.querySelectorAll(\"iframe.wp-embedded-content\"),r=0;r<s.length;r++)(t=(e=s[r]).getAttribute(\"data-secret\"))||(t=Math.random().toString(36).substring(2,12),e.src+=\"#?secret=\"+t,e.setAttribute(\"data-secret\",t)),e.contentWindow.postMessage({message:\"ready\",secret:t},\"*\")},!1)))}(window,document);\n\/\/# sourceURL=https:\/\/www.kbbm.be\/wp-includes\/js\/wp-embed.min.js\n\/* ]]> *\/\n<\/script>","thumbnail_url":"https:\/\/srfb.be\/wp-content\/uploads\/2020\/03\/les-vegetaux-environnement-scaled.jpg","thumbnail_width":1829,"thumbnail_height":2560,"description":"Les relations avec leur environnement Cet ouvrage retrace les relations complexes que les plantes \u00e9tablissent avec leur environnement biotique (ensemble des organismes vivants) et abiotique (climatique par exemple). Il aborde les principaux aspects de ces relations et dispense quelques notions d\u2019\u00e9cologie permettant d\u2019expliciter l\u2019importance des v\u00e9g\u00e9taux dans tous les \u00e9cosyst\u00e8mes. 17 x 24 cm, 56 pages"}